{"id":732857,"date":"2025-03-03T16:17:16","date_gmt":"2025-03-03T15:17:16","guid":{"rendered":"https:\/\/stoic-curie.212-227-153-4.plesk.page\/producto\/kuehlschrank-vitrifrigo-c39i-39lt-12-24v\/"},"modified":"2026-02-24T23:34:37","modified_gmt":"2026-02-24T23:34:37","slug":"kuehlschrank-vitrifrigo-c39i-39lt-12-24v","status":"publish","type":"product","link":"https:\/\/stoic-curie.212-227-153-4.plesk.page\/de\/product\/kuehlschrank-vitrifrigo-c39i-39lt-12-24v\/","title":{"rendered":"K\u00fchlschrank Vitrifrigo C39i"},"content":{"rendered":"<p>K\u00fchlschrank Vitrifrigo C39i &#8211; <\/p>\n<p style=\"color: rgb(34, 34, 34); font-family: Arial, Helvetica, sans-serif; font-size: small;\"><strong>K\u00fchlschrank-Gefrierschrank, C39i Airlock, Grau, Vitrifrigo<\/strong><\/p>\n<p style=\"color: rgb(34, 34, 34); font-family: Arial, Helvetica, sans-serif; font-size: small;\">Der C39i CHR ist ein K\u00fchlschrank-Gefrierschrank aus der Airlock-Serie und bietet eine hervorragende L\u00f6sung f\u00fcr Ihre K\u00fchlbed\u00fcrfnisse. Er hat ein Gesamtvolumen von 39 Litern, mit einem optionalen Gefrierfach, das 3,6 Liter fasst. Die K\u00fchlvorrichtung ist so konzipiert, dass sie in die kompakte Gr\u00f6\u00dfe des Ger\u00e4ts passt. Dieser Vitrifrigo K\u00fchlschrank arbeitet mit einer 12\/24 V internen Danfoss-K\u00fchlvorrichtung und verf\u00fcgt \u00fcber eine umkehrbare T\u00fcr, die zur Bel\u00fcftung in Zeiten, in denen sie nicht benutzt wird, angepasst werden kann. Er enth\u00e4lt auch ein LED-Licht und ein mechanisches Thermostat f\u00fcr eine einfache Temperaturregelung.<\/p>\n<p style=\"color: rgb(34, 34, 34); font-family: Arial, Helvetica, sans-serif; font-size: small;\">Ein herausragendes Merkmal dieses Ger\u00e4ts ist die grau lackierte T\u00fcr, die \u00fcber einen Snap-Lock-Mechanismus verf\u00fcgt, um ein versehentliches \u00d6ffnen zu verhindern.<\/p>\n<p style=\"color: rgb(34, 34, 34); font-family: Arial, Helvetica, sans-serif; font-size: small;\">Der T\u00fcrgriff beinhaltet ein einzigartiges &#8220;Bel\u00fcftungsposition&#8221;-System, das eine teilweise \u00d6ffnung erm\u00f6glicht, wenn der K\u00fchlschrank nicht in Betrieb ist. Diese Funktion tr\u00e4gt dazu bei, Schimmelbildung und unerw\u00fcnschte Ger\u00fcche zu verhindern und h\u00e4lt Ihre Lebensmittel frisch.<\/p>\n<p style=\"color: rgb(34, 34, 34); font-family: Arial, Helvetica, sans-serif; font-size: small;\"><strong>Technische Daten:<\/strong><\/p>\n<ul style=\"color: rgb(34, 34, 34); font-family: Arial, Helvetica, sans-serif; font-size: small;\">\n<li><strong>T\u00fcrausf\u00fchrung:<\/strong>&nbsp;Laminiert<\/li>\n<li><strong>Kapazit\u00e4t:<\/strong>&nbsp;39,00 Liter<\/li>\n<li><strong>H\u00f6he:<\/strong>&nbsp;547,00 mm<\/li>\n<li><strong>L\u00e4nge:<\/strong>&nbsp;390,00 mm<\/li>\n<li><strong>Tiefe:<\/strong>&nbsp;415,00 mm<\/li>\n<li><strong>Gewicht:<\/strong>&nbsp;17,00 kg<\/li>\n<li><strong>Serie:<\/strong>&nbsp;AIRLOCK<\/li>\n<li><strong>Umkehrbare T\u00fcr:<\/strong>&nbsp;Ja<\/li>\n<li><strong>Thermostat:<\/strong>&nbsp;Mechanisch<\/li>\n<li><strong>K\u00fchltechnologie:<\/strong>&nbsp;Kompressor<\/li>\n<li><strong>K\u00fchlvorrichtung:<\/strong>&nbsp;Intern<\/li>\n<li><strong>T\u00fcr\u00f6ffnung:<\/strong>&nbsp;Einzelne Frontt\u00fcr<\/li>\n<li><strong>Spannung:<\/strong>&nbsp;12\/24 VDC<\/li>\n<\/ul>\n","protected":false},"excerpt":{"rendered":"<p>K\u00fchlschrank Vitrifrigo C39i &#8211; K\u00fchlschrank-Gefrierschrank, C39i Airlock, Grau, Vitrifrigo Der C39i CHR ist ein K\u00fchlschrank-Gefrierschrank aus der Airlock-Serie und bietet<\/p>\n","protected":false},"featured_media":5936640,"comment_status":"open","ping_status":"closed","template":"","meta":[],"product_brand":[3525],"product_cat":[1464],"product_tag":[],"class_list":{"0":"post-732857","1":"product","2":"type-product","3":"status-publish","4":"has-post-thumbnail","6":"product_brand-vitrifrigo-de","7":"product_cat-kuehlschraenke-und-gefriertruhen","9":"first","10":"instock","11":"shipping-taxable","12":"purchasable","13":"product-type-simple"},"_links":{"self":[{"href":"https:\/\/stoic-curie.212-227-153-4.plesk.page\/de\/wp-json\/wp\/v2\/product\/732857","targetHints":{"allow":["GET"]}}],"collection":[{"href":"https:\/\/stoic-curie.212-227-153-4.plesk.page\/de\/wp-json\/wp\/v2\/product"}],"about":[{"href":"https:\/\/stoic-curie.212-227-153-4.plesk.page\/de\/wp-json\/wp\/v2\/types\/product"}],"replies":[{"embeddable":true,"href":"https:\/\/stoic-curie.212-227-153-4.plesk.page\/de\/wp-json\/wp\/v2\/comments?post=732857"}],"version-history":[{"count":0,"href":"https:\/\/stoic-curie.212-227-153-4.plesk.page\/de\/wp-json\/wp\/v2\/product\/732857\/revisions"}],"wp:featuredmedia":[{"embeddable":true,"href":"https:\/\/stoic-curie.212-227-153-4.plesk.page\/de\/wp-json\/wp\/v2\/media\/5936640"}],"wp:attachment":[{"href":"https:\/\/stoic-curie.212-227-153-4.plesk.page\/de\/wp-json\/wp\/v2\/media?parent=732857"}],"wp:term":[{"taxonomy":"product_brand","embeddable":true,"href":"https:\/\/stoic-curie.212-227-153-4.plesk.page\/de\/wp-json\/wp\/v2\/product_brand?post=732857"},{"taxonomy":"product_cat","embeddable":true,"href":"https:\/\/stoic-curie.212-227-153-4.plesk.page\/de\/wp-json\/wp\/v2\/product_cat?post=732857"},{"taxonomy":"product_tag","embeddable":true,"href":"https:\/\/stoic-curie.212-227-153-4.plesk.page\/de\/wp-json\/wp\/v2\/product_tag?post=732857"}],"curies":[{"name":"wp","href":"https:\/\/api.w.org\/{rel}","templated":true}]}}