{"id":737685,"date":"2025-03-03T16:40:50","date_gmt":"2025-03-03T15:40:50","guid":{"rendered":"https:\/\/stoic-curie.212-227-153-4.plesk.page\/producto\/kompressor-dometic-cu55-vertikal\/"},"modified":"2026-02-24T23:35:15","modified_gmt":"2026-02-24T23:35:15","slug":"kompressor-dometic-cu55-vertikal","status":"publish","type":"product","link":"https:\/\/stoic-curie.212-227-153-4.plesk.page\/de\/product\/kompressor-dometic-cu55-vertikal\/","title":{"rendered":"Dometic CU55 Kompressor"},"content":{"rendered":"<p>Dometic CU55 Kompressor &#8211; <\/p>\n<p style=\"color: rgb(34, 34, 34); font-family: Arial, Helvetica, sans-serif; font-size: small;\">Vertikaler Dometic CU55 Kompressor. Diese benutzerfreundliche Einheit wurde speziell f\u00fcr kleine K\u00fchlanforderungen konzipiert, insbesondere in kalten Gew\u00e4ssern wie der Nord- und Ostsee. Bei der Wahl des Verdampfertypen sollten Sie den Installationsort, die erforderliche K\u00fchlleistung und Ihre individuellen Vorlieben ber\u00fccksichtigen. Dieses K\u00fchlsystem arbeitet leise und verf\u00fcgt \u00fcber Funktionen wie Leistungsregelung, werksseitig gef\u00fclltes K\u00e4ltemittel und selbstschlie\u00dfend Anschl\u00fcsse f\u00fcr eine einfache Installation. Die korrosionsbest\u00e4ndige Edelstahlmontageplatte gew\u00e4hrleistet eine langfristige Leistung.<\/p>\n<p style=\"color: rgb(34, 34, 34); font-family: Arial, Helvetica, sans-serif; font-size: small;\">Dieses K\u00fchlsystem enth\u00e4lt:<\/p>\n<ul style=\"color: rgb(34, 34, 34); font-family: Arial, Helvetica, sans-serif; font-size: small;\">\n<li>1 x 12\/24V Dualspannungs-K\u00fchlger\u00e4t<\/li>\n<li>1 x Verdampfer mit Dometic-Typanschl\u00fcssen<\/li>\n<\/ul>\n<p style=\"color: rgb(34, 34, 34); font-family: Arial, Helvetica, sans-serif; font-size: small;\">Technische Details umfassen:<\/p>\n<ul style=\"color: rgb(34, 34, 34); font-family: Arial, Helvetica, sans-serif; font-size: small;\">\n<li>Eingangsspannung: 12\/24 Volt DC<\/li>\n<li>Stromverbrauch: ca. 35 oder 40 Watt, abh\u00e4ngig vom Modell des Verdampfers<\/li>\n<li>Ma\u00dfe (BxHxT): 220 x 160 x 220 mm<\/li>\n<li>Gewicht: ca. 6,5 kg<\/li>\n<li>Geeignet f\u00fcr K\u00fchlinhalte von bis zu 130 Litern f\u00fcr Standardk\u00fchlung mit direkten Verdampfern oder bis zu 100 Litern f\u00fcr die Kaltlagerung<\/li>\n<\/ul>\n","protected":false},"excerpt":{"rendered":"<p>Dometic CU55 Kompressor &#8211; Vertikaler Dometic CU55 Kompressor. Diese benutzerfreundliche Einheit wurde speziell f\u00fcr kleine K\u00fchlanforderungen konzipiert, insbesondere in kalten<\/p>\n","protected":false},"featured_media":5946423,"comment_status":"open","ping_status":"closed","template":"","meta":[],"product_brand":[2895],"product_cat":[1464],"product_tag":[],"class_list":{"0":"post-737685","1":"product","2":"type-product","3":"status-publish","4":"has-post-thumbnail","6":"product_brand-dometic-de","7":"product_cat-kuehlschraenke-und-gefriertruhen","9":"first","10":"instock","11":"shipping-taxable","12":"purchasable","13":"product-type-simple"},"_links":{"self":[{"href":"https:\/\/stoic-curie.212-227-153-4.plesk.page\/de\/wp-json\/wp\/v2\/product\/737685","targetHints":{"allow":["GET"]}}],"collection":[{"href":"https:\/\/stoic-curie.212-227-153-4.plesk.page\/de\/wp-json\/wp\/v2\/product"}],"about":[{"href":"https:\/\/stoic-curie.212-227-153-4.plesk.page\/de\/wp-json\/wp\/v2\/types\/product"}],"replies":[{"embeddable":true,"href":"https:\/\/stoic-curie.212-227-153-4.plesk.page\/de\/wp-json\/wp\/v2\/comments?post=737685"}],"version-history":[{"count":0,"href":"https:\/\/stoic-curie.212-227-153-4.plesk.page\/de\/wp-json\/wp\/v2\/product\/737685\/revisions"}],"wp:featuredmedia":[{"embeddable":true,"href":"https:\/\/stoic-curie.212-227-153-4.plesk.page\/de\/wp-json\/wp\/v2\/media\/5946423"}],"wp:attachment":[{"href":"https:\/\/stoic-curie.212-227-153-4.plesk.page\/de\/wp-json\/wp\/v2\/media?parent=737685"}],"wp:term":[{"taxonomy":"product_brand","embeddable":true,"href":"https:\/\/stoic-curie.212-227-153-4.plesk.page\/de\/wp-json\/wp\/v2\/product_brand?post=737685"},{"taxonomy":"product_cat","embeddable":true,"href":"https:\/\/stoic-curie.212-227-153-4.plesk.page\/de\/wp-json\/wp\/v2\/product_cat?post=737685"},{"taxonomy":"product_tag","embeddable":true,"href":"https:\/\/stoic-curie.212-227-153-4.plesk.page\/de\/wp-json\/wp\/v2\/product_tag?post=737685"}],"curies":[{"name":"wp","href":"https:\/\/api.w.org\/{rel}","templated":true}]}}