{"id":737687,"date":"2025-03-03T16:40:51","date_gmt":"2025-03-03T15:40:51","guid":{"rendered":"https:\/\/stoic-curie.212-227-153-4.plesk.page\/producto\/kompressor-dometic-cu85-vertikal-bis-250lt\/"},"modified":"2026-02-24T23:35:15","modified_gmt":"2026-02-24T23:35:15","slug":"kompressor-dometic-cu85-vertikal-bis-250lt","status":"publish","type":"product","link":"https:\/\/stoic-curie.212-227-153-4.plesk.page\/de\/product\/kompressor-dometic-cu85-vertikal-bis-250lt\/","title":{"rendered":"Dometic CU85 Kompressor f\u00fcr bis zu 250 l"},"content":{"rendered":"<p>Dometic CU85 Kompressor f\u00fcr bis zu 250 l &#8211; <\/p>\n<p style=\"color: rgb(34, 34, 34); font-family: Arial, Helvetica, sans-serif; font-size: small;\">Dometic ColdMachine CU 85 Vertical<\/p>\n<p style=\"color: rgb(34, 34, 34); font-family: Arial, Helvetica, sans-serif; font-size: small;\">Die Dometic ColdMachine CU 85 Vertical ist eine leise K\u00fchlmaschine, die f\u00fcr Effizienz entwickelt wurde. Sie verf\u00fcgt \u00fcber eine Leistungsregelung, ein vorab geladenes K\u00e4ltemittel und selbstabdichtende Ventilkupplungen f\u00fcr eine einfache Installation. Die korrosionsbest\u00e4ndige Montageschiene aus Edelstahl sorgt f\u00fcr Langlebigkeit.<\/p>\n<p style=\"color: rgb(34, 34, 34); font-family: Arial, Helvetica, sans-serif; font-size: small;\">Diese K\u00fchlmaschine eignet sich f\u00fcr K\u00fchlsysteme, die Folgendes umfassen:<\/p>\n<ul style=\"color: rgb(34, 34, 34); font-family: Arial, Helvetica, sans-serif; font-size: small;\">\n<li>1 x 12\/24V Dualspannungs-K\u00fchlger\u00e4t<\/li>\n<li>1 x Verdampfer mit Dometic-Typkupplungen<\/li>\n<\/ul>\n<p style=\"color: rgb(34, 34, 34); font-family: Arial, Helvetica, sans-serif; font-size: small;\">Sie ist ideal f\u00fcr kleine bis mittlere K\u00fchlbed\u00fcrfnisse, insbesondere in w\u00e4rmeren Gew\u00e4ssern wie dem Mittelmeer. Verschiedene Verdampfertypen sind verf\u00fcgbar, um zur Kompressorauslastung zu passen. Das System beinhaltet einen kompletten thermischen Danfoss BD35F Kompressor mit Steuerungselektronik, integriertem Unterspannungsschutz, Unterspannungsschutzschalter, elektronischem Verpolungsschutz und einem b\u00fcrstenlosen DC-L\u00fcfter.<\/p>\n<p style=\"color: rgb(34, 34, 34); font-family: Arial, Helvetica, sans-serif; font-size: small;\"><strong>Technische Spezifikationen:<\/strong><\/p>\n<ul style=\"color: rgb(34, 34, 34); font-family: Arial, Helvetica, sans-serif; font-size: small;\">\n<li>Spannung: 12 V \/ 24 V<\/li>\n<li>K\u00fchlkapazit\u00e4ten:\n<ul>\n<li>Maximal 250 Liter f\u00fcr normale K\u00fchlung mit direkten Verdampfern<\/li>\n<li>Maximal 70 Liter f\u00fcr Tiefk\u00fchlung<\/li>\n<\/ul>\n<\/li>\n<li>Stromverbrauch: 45 &#8211; 60 Watt, je nach Verdampfertyp<\/li>\n<\/ul>\n<p style=\"color: rgb(34, 34, 34); font-family: Arial, Helvetica, sans-serif; font-size: small;\">Das Ger\u00e4t ist in verschiedenen Formen und Gr\u00f6\u00dfen erh\u00e4ltlich, mit sieben Verdampfertypen und einem K\u00e4lteakkumulator zur Auswahl.<\/p>\n<p style=\"color: rgb(34, 34, 34); font-family: Arial, Helvetica, sans-serif; font-size: small;\"><strong>Zus\u00e4tzliche Funktionen:<\/strong><\/p>\n<ul style=\"color: rgb(34, 34, 34); font-family: Arial, Helvetica, sans-serif; font-size: small;\">\n<li>Solarstromkompatibilit\u00e4t: Funktioniert \u00fcberall dort, wo Sonnenlicht vorhanden ist<\/li>\n<li>Korrosionsbest\u00e4ndige Montageschiene aus Edelstahl<\/li>\n<li>12 oder 24 V DC-Betrieb<\/li>\n<li>230 V-Anschluss mit einem kosteng\u00fcnstigen Netzadapter erh\u00e4ltlich<\/li>\n<li>K\u00fchlkapazit\u00e4t von bis zu 250 Litern oder Gefrierkapazit\u00e4t von 70 Litern<\/li>\n<\/ul>\n<p style=\"color: rgb(34, 34, 34); font-family: Arial, Helvetica, sans-serif; font-size: small;\"><strong>Abmessungen:<\/strong><\/p>\n<ul style=\"color: rgb(34, 34, 34); font-family: Arial, Helvetica, sans-serif; font-size: small;\">\n<li>Tiefe: 220 mm<\/li>\n<li>H\u00f6he: 160 mm<\/li>\n<li>Breite: 220 mm<\/li>\n<\/ul>\n","protected":false},"excerpt":{"rendered":"<p>Dometic CU85 Kompressor f\u00fcr bis zu 250 l &#8211; Dometic ColdMachine CU 85 Vertical Die Dometic ColdMachine CU 85 Vertical<\/p>\n","protected":false},"featured_media":5946427,"comment_status":"open","ping_status":"closed","template":"","meta":[],"product_brand":[2895],"product_cat":[1464],"product_tag":[],"class_list":{"0":"post-737687","1":"product","2":"type-product","3":"status-publish","4":"has-post-thumbnail","6":"product_brand-dometic-de","7":"product_cat-kuehlschraenke-und-gefriertruhen","9":"first","10":"instock","11":"shipping-taxable","12":"purchasable","13":"product-type-simple"},"_links":{"self":[{"href":"https:\/\/stoic-curie.212-227-153-4.plesk.page\/de\/wp-json\/wp\/v2\/product\/737687","targetHints":{"allow":["GET"]}}],"collection":[{"href":"https:\/\/stoic-curie.212-227-153-4.plesk.page\/de\/wp-json\/wp\/v2\/product"}],"about":[{"href":"https:\/\/stoic-curie.212-227-153-4.plesk.page\/de\/wp-json\/wp\/v2\/types\/product"}],"replies":[{"embeddable":true,"href":"https:\/\/stoic-curie.212-227-153-4.plesk.page\/de\/wp-json\/wp\/v2\/comments?post=737687"}],"version-history":[{"count":0,"href":"https:\/\/stoic-curie.212-227-153-4.plesk.page\/de\/wp-json\/wp\/v2\/product\/737687\/revisions"}],"wp:featuredmedia":[{"embeddable":true,"href":"https:\/\/stoic-curie.212-227-153-4.plesk.page\/de\/wp-json\/wp\/v2\/media\/5946427"}],"wp:attachment":[{"href":"https:\/\/stoic-curie.212-227-153-4.plesk.page\/de\/wp-json\/wp\/v2\/media?parent=737687"}],"wp:term":[{"taxonomy":"product_brand","embeddable":true,"href":"https:\/\/stoic-curie.212-227-153-4.plesk.page\/de\/wp-json\/wp\/v2\/product_brand?post=737687"},{"taxonomy":"product_cat","embeddable":true,"href":"https:\/\/stoic-curie.212-227-153-4.plesk.page\/de\/wp-json\/wp\/v2\/product_cat?post=737687"},{"taxonomy":"product_tag","embeddable":true,"href":"https:\/\/stoic-curie.212-227-153-4.plesk.page\/de\/wp-json\/wp\/v2\/product_tag?post=737687"}],"curies":[{"name":"wp","href":"https:\/\/api.w.org\/{rel}","templated":true}]}}