{"id":738807,"date":"2025-03-03T17:53:43","date_gmt":"2025-03-03T16:53:43","guid":{"rendered":"https:\/\/stoic-curie.212-227-153-4.plesk.page\/producto\/dometic-nrx-115\/"},"modified":"2026-02-24T23:35:26","modified_gmt":"2026-02-24T23:35:26","slug":"dometic-nrx-115","status":"publish","type":"product","link":"https:\/\/stoic-curie.212-227-153-4.plesk.page\/de\/product\/dometic-nrx-115\/","title":{"rendered":"Dometic K\u00fchlschrank NRX 115C"},"content":{"rendered":"<p>Dometic K\u00fchlschrank NRX 115C &#8211; <\/p>\n<p style=\"color: rgb(34, 34, 34); font-family: Arial, Helvetica, sans-serif; font-size: small;\">Die Dometic NRX-K\u00fchlschr\u00e4nke (12\/24V) sind mit einem externen, nicht abnehmbaren, variablen K\u00fchlaggregat ausgestattet, das den Energieverbrauch um 25 % senkt. Dieses Modell verf\u00fcgt \u00fcber ein abnehmbares Gefrierfach, und das benutzerfreundliche Touch-Bedienfeld erm\u00f6glicht es den Nutzern, zwischen K\u00fchlen, Gefrieren oder der gleichzeitigen Nutzung beider Funktionen zu w\u00e4hlen. Dar\u00fcber hinaus bietet es ein LED-Licht, einen durchgehenden Griff und ein dunkelgraues Frontpanel, wobei die M\u00f6glichkeit besteht, entweder einen Standard- oder einen Flush-Mount-Installationsrahmen als Zubeh\u00f6r zu erwerben.<\/p>\n<p style=\"color: rgb(34, 34, 34); font-family: Arial, Helvetica, sans-serif; font-size: small;\">Dieser K\u00fchlschrank verbindet eine zeitgen\u00f6ssische \u00c4sthetik mit au\u00dfergew\u00f6hnlicher Energieeffizienz und bietet ein gro\u00dfz\u00fcgiges K\u00fchlvolumen von 113 Litern. Die stilvolle rahmenlose T\u00fcr, die ein dunkelgraues Frontpanel und einen praktischen durchgehenden Griff integriert, \u00f6ffnet sich und gibt einen flexiblen Innenraum preis. Das 8,2-Liter-Gefrierfach ist einfach abnehmbar, was die K\u00fchlkapazit\u00e4t maximiert oder einen Ein-Stern-Schutz bietet, der ideal zur Aufbewahrung gefrorener Lebensmittel f\u00fcr mehrere Tage ist.<\/p>\n<p style=\"color: rgb(34, 34, 34); font-family: Arial, Helvetica, sans-serif; font-size: small;\">Hervorzuhebende Merkmale:<\/p>\n<ul style=\"color: rgb(34, 34, 34); font-family: Arial, Helvetica, sans-serif; font-size: small;\">\n<li>Hochwertiger Kompressor f\u00fcr zuverl\u00e4ssige Leistung<\/li>\n<li>Intuitives Bedienfeld f\u00fcr einfache Bedienung<\/li>\n<li>Zwei Gem\u00fcsef\u00e4cher f\u00fcr eine effektive Organisation<\/li>\n<li>Von jedem Winkel aus zug\u00e4nglich f\u00fcr mehr Komfort<\/li>\n<li>Abnehmbarer Gefrierschrank f\u00fcr flexible Lagerl\u00f6sungen<\/li>\n<li>Gut gestalteter Innenraum, der den unterschiedlichen Lageranforderungen gerecht wird<\/li>\n<\/ul>\n<p style=\"color: rgb(34, 34, 34); font-family: Arial, Helvetica, sans-serif; font-size: small;\">Dieser K\u00fchlschrank dient als vielseitige 3-in-1-K\u00fchl\u00f6sung, die sowohl als K\u00fchlschrank, Gefrierfach oder beides gleichzeitig fungieren kann. Er verf\u00fcgt \u00fcber einen energieeffizienten Premium-Kompressor mit drei Betriebsmodi: Eco, Boost und Silent.<\/p>\n<p style=\"color: rgb(34, 34, 34); font-family: Arial, Helvetica, sans-serif; font-size: small;\">Zus\u00e4tzliche Eigenschaften umfassen:<\/p>\n<ul style=\"color: rgb(34, 34, 34); font-family: Arial, Helvetica, sans-serif; font-size: small;\">\n<li>Eine rahmenlose T\u00fcr mit einem dunkelgrauen Frontpanel und einem durchgehenden Griff<\/li>\n<li>Eine abgeschr\u00e4gte R\u00fcckseite, die f\u00fcr die optimale Raumausnutzung an Bord sorgt<\/li>\n<li>Ein umkehrbarer T\u00fcranschlag, der je nach Bedarf von links oder rechts \u00f6ffnen kann<\/li>\n<li>Doppelfunktionsschl\u00f6sser, die auch als L\u00fcftungsschlitze zur Verbesserung des Luftstroms im K\u00fchlschrank dienen<\/li>\n<\/ul>\n<p><span style=\"color: rgb(34, 34, 34); font-family: Arial, Helvetica, sans-serif; font-size: small;\">Ein Standard- oder Flush-Mount-Installationsrahmen ist als Zubeh\u00f6r erh\u00e4ltlich, um Installationsoptionen zu erleichtern.<\/span><\/p>\n","protected":false},"excerpt":{"rendered":"<p>Dometic K\u00fchlschrank NRX 115C &#8211; Die Dometic NRX-K\u00fchlschr\u00e4nke (12\/24V) sind mit einem externen, nicht abnehmbaren, variablen K\u00fchlaggregat ausgestattet, das den<\/p>\n","protected":false},"featured_media":5948768,"comment_status":"open","ping_status":"closed","template":"","meta":[],"product_brand":[2895],"product_cat":[1464],"product_tag":[],"class_list":{"0":"post-738807","1":"product","2":"type-product","3":"status-publish","4":"has-post-thumbnail","6":"product_brand-dometic-de","7":"product_cat-kuehlschraenke-und-gefriertruhen","9":"first","10":"instock","11":"shipping-taxable","12":"purchasable","13":"product-type-simple"},"_links":{"self":[{"href":"https:\/\/stoic-curie.212-227-153-4.plesk.page\/de\/wp-json\/wp\/v2\/product\/738807","targetHints":{"allow":["GET"]}}],"collection":[{"href":"https:\/\/stoic-curie.212-227-153-4.plesk.page\/de\/wp-json\/wp\/v2\/product"}],"about":[{"href":"https:\/\/stoic-curie.212-227-153-4.plesk.page\/de\/wp-json\/wp\/v2\/types\/product"}],"replies":[{"embeddable":true,"href":"https:\/\/stoic-curie.212-227-153-4.plesk.page\/de\/wp-json\/wp\/v2\/comments?post=738807"}],"version-history":[{"count":0,"href":"https:\/\/stoic-curie.212-227-153-4.plesk.page\/de\/wp-json\/wp\/v2\/product\/738807\/revisions"}],"wp:featuredmedia":[{"embeddable":true,"href":"https:\/\/stoic-curie.212-227-153-4.plesk.page\/de\/wp-json\/wp\/v2\/media\/5948768"}],"wp:attachment":[{"href":"https:\/\/stoic-curie.212-227-153-4.plesk.page\/de\/wp-json\/wp\/v2\/media?parent=738807"}],"wp:term":[{"taxonomy":"product_brand","embeddable":true,"href":"https:\/\/stoic-curie.212-227-153-4.plesk.page\/de\/wp-json\/wp\/v2\/product_brand?post=738807"},{"taxonomy":"product_cat","embeddable":true,"href":"https:\/\/stoic-curie.212-227-153-4.plesk.page\/de\/wp-json\/wp\/v2\/product_cat?post=738807"},{"taxonomy":"product_tag","embeddable":true,"href":"https:\/\/stoic-curie.212-227-153-4.plesk.page\/de\/wp-json\/wp\/v2\/product_tag?post=738807"}],"curies":[{"name":"wp","href":"https:\/\/api.w.org\/{rel}","templated":true}]}}