{"id":744510,"date":"2025-03-03T19:26:19","date_gmt":"2025-03-03T18:26:19","guid":{"rendered":"https:\/\/stoic-curie.212-227-153-4.plesk.page\/producto\/garelick-abs-stol-46-x-76cm-s-nehrdajucim-postoljem\/"},"modified":"2026-02-25T00:01:15","modified_gmt":"2026-02-25T00:01:15","slug":"garelick-abs-stol-46-x-76cm-s-nehrdajucim-postoljem","status":"publish","type":"product","link":"https:\/\/stoic-curie.212-227-153-4.plesk.page\/hr\/product\/garelick-abs-stol-46-x-76cm-s-nehrdajucim-postoljem\/","title":{"rendered":"Garelick ABS stol 46 x 76cm s nehr\u0111aju\u0107im postoljem"},"content":{"rendered":"<p>Garelick ABS stol 46 x 76cm s nehr\u0111aju\u0107im postoljem &#8211; <\/p>\n<p>Garelick ovalni stol dizajniran je s prakti\u010dnim sustavom potpore s bo\u010dne strane koji omogu\u0107uje jednostavno odvajanje, koriste\u0107i jednostavnu mehaniku za kop\u010danje koja je genijalno integrirana u osnovu za monta\u017eu. Ova inovativna zna\u010dajka osigurava brzo i lako uklanjanje stola kada je to potrebno, \u0161to ga \u010dini idealnim izborom za one koji cijene funkcionalnost i prakti\u010dnost. Potpora stolu ima promjer od 6 cm i visinu od 41 cm, pru\u017eaju\u0107i \u010dvrstu osnovu za razne aktivnosti. U me\u0111uvremenu, sama osnova za monta\u017eu mjeri 8 x 13 cm, osiguravaju\u0107i sigurnu prianjanje.<\/p>\n<p>Jedna od istaknutih zna\u010dajki ovog stola je njegov elegantno zakrivljen dizajn, koji ne samo da pobolj\u0161ava njegov estetski dojam, ve\u0107 tako\u0111er nudi izvanredno rje\u0161enje koje \u0161tednje prostora za bilo koje okru\u017eenje. Osnova je dizajnirana tako da se mo\u017ee ukloniti, zahvaljuju\u0107i izdr\u017eljivoj plo\u010di od nehr\u0111aju\u0107eg \u010delika koja omogu\u0107ava brzu postavu i jednostavno skladi\u0161tenje kada stol nije u upotrebi.<\/p>\n<p>Ovaj svestrani stol mo\u017ee se \u010dvrsto pri\u010dvrstiti na bilo koju vertikalnu povr\u0161inu, \u010dine\u0107i ga prakti\u010dnim dodatkom za razna okru\u017eenja, bilo za ku\u0107nu upotrebu, uredske prostore ili aktivnosti na otvorenom.<\/p>\n<p>Dimenzije: 46 x 76 cm<\/p>\n","protected":false},"excerpt":{"rendered":"<p>Garelick ABS stol 46 x 76cm s nehr\u0111aju\u0107im postoljem &#8211; Garelick ovalni stol dizajniran je s prakti\u010dnim sustavom potpore s<\/p>\n","protected":false},"featured_media":5946611,"comment_status":"open","ping_status":"closed","template":"","meta":[],"product_brand":[2966],"product_cat":[1642],"product_tag":[],"class_list":{"0":"post-744510","1":"product","2":"type-product","3":"status-publish","4":"has-post-thumbnail","6":"product_brand-garelick-hr","7":"product_cat-brodske-stolice-i-stolovi","9":"first","10":"instock","11":"shipping-taxable","12":"purchasable","13":"product-type-simple"},"_links":{"self":[{"href":"https:\/\/stoic-curie.212-227-153-4.plesk.page\/hr\/wp-json\/wp\/v2\/product\/744510","targetHints":{"allow":["GET"]}}],"collection":[{"href":"https:\/\/stoic-curie.212-227-153-4.plesk.page\/hr\/wp-json\/wp\/v2\/product"}],"about":[{"href":"https:\/\/stoic-curie.212-227-153-4.plesk.page\/hr\/wp-json\/wp\/v2\/types\/product"}],"replies":[{"embeddable":true,"href":"https:\/\/stoic-curie.212-227-153-4.plesk.page\/hr\/wp-json\/wp\/v2\/comments?post=744510"}],"version-history":[{"count":0,"href":"https:\/\/stoic-curie.212-227-153-4.plesk.page\/hr\/wp-json\/wp\/v2\/product\/744510\/revisions"}],"wp:featuredmedia":[{"embeddable":true,"href":"https:\/\/stoic-curie.212-227-153-4.plesk.page\/hr\/wp-json\/wp\/v2\/media\/5946611"}],"wp:attachment":[{"href":"https:\/\/stoic-curie.212-227-153-4.plesk.page\/hr\/wp-json\/wp\/v2\/media?parent=744510"}],"wp:term":[{"taxonomy":"product_brand","embeddable":true,"href":"https:\/\/stoic-curie.212-227-153-4.plesk.page\/hr\/wp-json\/wp\/v2\/product_brand?post=744510"},{"taxonomy":"product_cat","embeddable":true,"href":"https:\/\/stoic-curie.212-227-153-4.plesk.page\/hr\/wp-json\/wp\/v2\/product_cat?post=744510"},{"taxonomy":"product_tag","embeddable":true,"href":"https:\/\/stoic-curie.212-227-153-4.plesk.page\/hr\/wp-json\/wp\/v2\/product_tag?post=744510"}],"curies":[{"name":"wp","href":"https:\/\/api.w.org\/{rel}","templated":true}]}}